{"id":1048,"date":"2018-11-28T13:02:03","date_gmt":"2018-11-28T13:02:03","guid":{"rendered":"http:\/\/www.larrasoana.com\/?page_id=1048"},"modified":"2018-11-28T16:54:47","modified_gmt":"2018-11-28T16:54:47","slug":"nouvelles","status":"publish","type":"page","link":"https:\/\/www.larrasoana.com\/fr\/nouvelles\/","title":{"rendered":"Nouvelles"},"content":{"rendered":"<p>[vc_row css=\u00a0\u00bb.vc_custom_1536657649307{margin-bottom: 50px !important;}\u00a0\u00bb][vc_column][vc_custom_heading text=\u00a0\u00bbDerni\u00e8res nouvelles\u00a0\u00bb font_container=\u00a0\u00bbtag:h2|font_size:51px|text_align:center|color:%23000000&Prime; google_fonts=\u00a0\u00bbfont_family:Libre%20Baskerville%3Aregular%2Citalic%2C700|font_style:700%20bold%20regular%3A700%3Anormal\u00a0\u00bb css=\u00a0\u00bb.vc_custom_1543410107378{margin-top: 0px !important;margin-bottom: 0px !important;padding-top: 0px !important;padding-bottom: 0px !important;}\u00a0\u00bb][vc_single_image image=\u00a0\u00bb700&Prime; img_size=\u00a0\u00bbfull\u00a0\u00bb alignment=\u00a0\u00bbcenter\u00a0\u00bb css=\u00a0\u00bb.vc_custom_1536657556065{margin-top: 0px !important;padding-top: 0px !important;}\u00a0\u00bb][\/vc_column][\/vc_row][vc_row][vc_column]<div id=\"sc_blogger_904714043\" class=\"sc_blogger layout_masonry_3 template_masonry margin_bottom_small-  sc_blogger_horizontal\"><div class=\"isotope_wrap\" data-columns=\"3\">\t\t<div class=\"isotope_item isotope_item_masonry isotope_item_masonry_3 isotope_column_3\t\t\t\t\t\">\n\t\t\t<div class=\"post_item post_item_masonry post_item_masonry_3\t\t\t\t  post_format_standard odd\">\n\t\t\t\t\n\t\t\t\t\t\t\t\t\t<div class=\"post_featured\">\n\t\t\t\t\t\t\t<div class=\"post_thumb\" data-image=\"https:\/\/www.larrasoana.com\/wp-content\/uploads\/2018\/09\/DSC_0371.jpg\" data-title=\"Une s\u00e9curit\u00e9 alimentaire accrue\">\n\t<a class=\"hover_icon hover_icon_link\" href=\"https:\/\/www.larrasoana.com\/fr\/une-securite-alimentaire-accrue\/\"><img class=\"wp-post-image\" width=\"370\" height=\"202\" alt=\"Une s\u00e9curit\u00e9 alimentaire accrue\" src=\"https:\/\/www.larrasoana.com\/wp-content\/uploads\/2018\/09\/DSC_0371-370x202.jpg\"><\/a>\t<\/div>\n\t\t\t\t\t\t<\/div>\n\t\t\t\t\n\t\t\t\t<div class=\"post_content isotope_item_content\">\n\t\t\t\t\t\n\t\t\t\t\t<div class=\"post_info\">\n\t\t\t\t<span class=\"post_info_item post_info_posted\"> <a href=\"https:\/\/www.larrasoana.com\/fr\/une-securite-alimentaire-accrue\/\" class=\"post_info_date\">28 November, 2018<\/a><\/span>\n\t\t\t<\/div>\t\t\t\t\t\t\t<h4 class=\"post_title\"><a href=\"https:\/\/www.larrasoana.com\/fr\/une-securite-alimentaire-accrue\/\">Une s\u00e9curit\u00e9 alimentaire accrue<\/a><\/h4>\n\t\t\t\t\t\t\t\n\t\t\t\t\t<div class=\"post_descr\">\n\t\t\t\t\t\t<p>Le 26 septembre dernier, Embutidos Larrasoa\u00f1a a pass\u00e9 l&rsquo;audit initial du certificat de qualit\u00e9 SAE. Cette certification, bas\u00e9e sur la tra\u00e7abilit\u00e9 des mati\u00e8res premi\u00e8res, nous met \u00e0 pied...<\/p><a href=\"https:\/\/www.larrasoana.com\/fr\/une-securite-alimentaire-accrue\/\" class=\"sc_button sc_button_square sc_button_style_filled sc_button_size_small\">Lire plus<\/a>\t\t\t\t\t<\/div>\n\n                    <div class=\"post_info\">\n\t\t\t<span class=\"post_info_item icon-user-1 post_info_posted_by\"><a href=\"https:\/\/www.larrasoana.com\/fr\/author\/larrasoana\/\" class=\"post_info_author\">Larrasoana<\/a><\/span>\n\t<\/div>\n\t\t\t\t<\/div>\t\t\t\t<!-- \/.post_content -->\n\t\t\t<\/div>\t<!-- \/.post_item -->\n\t\t<\/div>\t\t\t\t\t\t<!-- \/.isotope_item -->\n\t\t\t\t<div class=\"isotope_item isotope_item_masonry isotope_item_masonry_3 isotope_column_3\t\t\t\t\t\">\n\t\t\t<div class=\"post_item post_item_masonry post_item_masonry_3\t\t\t\t  post_format_standard even\">\n\t\t\t\t\n\t\t\t\t\t\t\t\t\t<div class=\"post_featured\">\n\t\t\t\t\t\t\t<div class=\"post_thumb\" data-image=\"https:\/\/www.larrasoana.com\/wp-content\/uploads\/2018\/09\/DEGUSTACI\u00d3N4.jpg\" data-title=\"Pr\u00e9sentation de nos produits \u00e0 Bilbao.\">\n\t<a class=\"hover_icon hover_icon_link\" href=\"https:\/\/www.larrasoana.com\/fr\/presentation-de-nos-produits-a-bilbao\/\"><img class=\"wp-post-image\" width=\"370\" height=\"275\" alt=\"Pr\u00e9sentation de nos produits \u00e0 Bilbao.\" src=\"https:\/\/www.larrasoana.com\/wp-content\/uploads\/2018\/09\/DEGUSTACI\u00d3N4-370x275.jpg\"><\/a>\t<\/div>\n\t\t\t\t\t\t<\/div>\n\t\t\t\t\n\t\t\t\t<div class=\"post_content isotope_item_content\">\n\t\t\t\t\t\n\t\t\t\t\t<div class=\"post_info\">\n\t\t\t\t<span class=\"post_info_item post_info_posted\"> <a href=\"https:\/\/www.larrasoana.com\/fr\/presentation-de-nos-produits-a-bilbao\/\" class=\"post_info_date\">28 November, 2018<\/a><\/span>\n\t\t\t<\/div>\t\t\t\t\t\t\t<h4 class=\"post_title\"><a href=\"https:\/\/www.larrasoana.com\/fr\/presentation-de-nos-produits-a-bilbao\/\">Pr\u00e9sentation de nos produits \u00e0 Bilbao.<\/a><\/h4>\n\t\t\t\t\t\t\t\n\t\t\t\t\t<div class=\"post_descr\">\n\t\t\t\t\t\t<p>Le 22 octobre 2018, Embutidos Larrasoa\u00f1a a particip\u00e9 \u00e0 une exposition-d\u00e9gustation \u00e0 l&rsquo;h\u00f4tel Ercilla de Bilbao. Aux c\u00f4t\u00e9s de notre distributeur en Bizkaye, nous avons pr\u00e9sent\u00e9 une large gamme...<\/p><a href=\"https:\/\/www.larrasoana.com\/fr\/presentation-de-nos-produits-a-bilbao\/\" class=\"sc_button sc_button_square sc_button_style_filled sc_button_size_small\">Lire plus<\/a>\t\t\t\t\t<\/div>\n\n                    <div class=\"post_info\">\n\t\t\t<span class=\"post_info_item icon-user-1 post_info_posted_by\"><a href=\"https:\/\/www.larrasoana.com\/fr\/author\/larrasoana\/\" class=\"post_info_author\">Larrasoana<\/a><\/span>\n\t<\/div>\n\t\t\t\t<\/div>\t\t\t\t<!-- \/.post_content -->\n\t\t\t<\/div>\t<!-- \/.post_item -->\n\t\t<\/div>\t\t\t\t\t\t<!-- \/.isotope_item -->\n\t\t\t\t<div class=\"isotope_item isotope_item_masonry isotope_item_masonry_3 isotope_column_3\t\t\t\t\t\">\n\t\t\t<div class=\"post_item post_item_masonry post_item_masonry_3\t\t\t\t  post_format_standard odd\">\n\t\t\t\t\n\t\t\t\t\t\t\t\t\t<div class=\"post_featured\">\n\t\t\t\t\t\t\t<div class=\"post_thumb\" data-image=\"https:\/\/www.larrasoana.com\/wp-content\/uploads\/2018\/09\/Stand1.jpg\" data-title=\"Cap sur Mexico\">\n\t<a class=\"hover_icon hover_icon_link\" href=\"https:\/\/www.larrasoana.com\/fr\/cap-sur-mexico\/\"><img class=\"wp-post-image\" width=\"370\" height=\"201\" alt=\"Cap sur Mexico\" src=\"https:\/\/www.larrasoana.com\/wp-content\/uploads\/2018\/09\/Stand1-370x201.jpg\"><\/a>\t<\/div>\n\t\t\t\t\t\t<\/div>\n\t\t\t\t\n\t\t\t\t<div class=\"post_content isotope_item_content\">\n\t\t\t\t\t\n\t\t\t\t\t<div class=\"post_info\">\n\t\t\t\t<span class=\"post_info_item post_info_posted\"> <a href=\"https:\/\/www.larrasoana.com\/fr\/cap-sur-mexico\/\" class=\"post_info_date\">28 November, 2018<\/a><\/span>\n\t\t\t<\/div>\t\t\t\t\t\t\t<h4 class=\"post_title\"><a href=\"https:\/\/www.larrasoana.com\/fr\/cap-sur-mexico\/\">Cap sur Mexico<\/a><\/h4>\n\t\t\t\t\t\t\t\n\t\t\t\t\t<div class=\"post_descr\">\n\t\t\t\t\t\t<p>Embutidos Larrasoa\u00f1a fonde Gourmex Alimentos Gourmet en compagnie de 11 autres soci\u00e9t\u00e9s navarraises. Cette nouvelle soci\u00e9t\u00e9 commerciale vise l&rsquo;exportation de produits navarrais vers la ville...<\/p><a href=\"https:\/\/www.larrasoana.com\/fr\/cap-sur-mexico\/\" class=\"sc_button sc_button_square sc_button_style_filled sc_button_size_small\">Lire plus<\/a>\t\t\t\t\t<\/div>\n\n                    <div class=\"post_info\">\n\t\t\t<span class=\"post_info_item icon-user-1 post_info_posted_by\"><a href=\"https:\/\/www.larrasoana.com\/fr\/author\/larrasoana\/\" class=\"post_info_author\">Larrasoana<\/a><\/span>\n\t<\/div>\n\t\t\t\t<\/div>\t\t\t\t<!-- \/.post_content -->\n\t\t\t<\/div>\t<!-- \/.post_item -->\n\t\t<\/div>\t\t\t\t\t\t<!-- \/.isotope_item -->\n\t\t<\/div><\/div>[\/vc_column][\/vc_row]<\/p>\n","protected":false},"excerpt":{"rendered":"<p>[vc_row css=\u00a0\u00bb.vc_custom_1536657649307{margin-bottom: 50px !important;}\u00a0\u00bb][vc_column][vc_custom_heading text=\u00a0\u00bbDerni\u00e8res nouvelles\u00a0\u00bb font_container=\u00a0\u00bbtag:h2|font_size:51px|text_align:center|color:%23000000&Prime; google_fonts=\u00a0\u00bbfont_family:Libre%20Baskerville%3Aregular%2Citalic%2C700|font_style:700%20bold%20regular%3A700%3Anormal\u00a0\u00bb css=\u00a0\u00bb.vc_custom_1543410107378{margin-top: 0px !important;margin-bottom: 0px !important;padding-top: 0px !important;padding-bottom: 0px !important;}\u00a0\u00bb][vc_single_image image=\u00a0\u00bb700&Prime; img_size=\u00a0\u00bbfull\u00a0\u00bb alignment=\u00a0\u00bbcenter\u00a0\u00bb css=\u00a0\u00bb.vc_custom_1536657556065{margin-top: 0px !important;padding-top: 0px !important;}\u00a0\u00bb][\/vc_column][\/vc_row][vc_row][vc_column][\/vc_column][\/vc_row]<\/p>\n","protected":false},"author":1,"featured_media":0,"parent":0,"menu_order":0,"comment_status":"closed","ping_status":"closed","template":"","meta":[],"_links":{"self":[{"href":"https:\/\/www.larrasoana.com\/fr\/wp-json\/wp\/v2\/pages\/1048"}],"collection":[{"href":"https:\/\/www.larrasoana.com\/fr\/wp-json\/wp\/v2\/pages"}],"about":[{"href":"https:\/\/www.larrasoana.com\/fr\/wp-json\/wp\/v2\/types\/page"}],"author":[{"embeddable":true,"href":"https:\/\/www.larrasoana.com\/fr\/wp-json\/wp\/v2\/users\/1"}],"replies":[{"embeddable":true,"href":"https:\/\/www.larrasoana.com\/fr\/wp-json\/wp\/v2\/comments?post=1048"}],"version-history":[{"count":3,"href":"https:\/\/www.larrasoana.com\/fr\/wp-json\/wp\/v2\/pages\/1048\/revisions"}],"predecessor-version":[{"id":1186,"href":"https:\/\/www.larrasoana.com\/fr\/wp-json\/wp\/v2\/pages\/1048\/revisions\/1186"}],"wp:attachment":[{"href":"https:\/\/www.larrasoana.com\/fr\/wp-json\/wp\/v2\/media?parent=1048"}],"curies":[{"name":"wp","href":"https:\/\/api.w.org\/{rel}","templated":true}]}}